{"id":87,"date":"2023-04-04T08:18:49","date_gmt":"2023-04-04T08:18:49","guid":{"rendered":"https:\/\/juedischer-kulturtag.ch\/?page_id=87"},"modified":"2025-09-23T14:28:48","modified_gmt":"2025-09-23T14:28:48","slug":"galerie","status":"publish","type":"page","link":"https:\/\/juedischer-kulturtag.ch\/?page_id=87","title":{"rendered":"Impressionen"},"content":{"rendered":"\n<figure class=\"wp-block-image size-large\"><img loading=\"lazy\" decoding=\"async\" width=\"1024\" height=\"614\" src=\"https:\/\/juedischer-kulturtag.ch\/wp-content\/uploads\/2025\/09\/Bild-4-1024x614.jpg\" alt=\"\" class=\"wp-image-523\" srcset=\"https:\/\/juedischer-kulturtag.ch\/wp-content\/uploads\/2025\/09\/Bild-4-1024x614.jpg 1024w, https:\/\/juedischer-kulturtag.ch\/wp-content\/uploads\/2025\/09\/Bild-4-300x180.jpg 300w, https:\/\/juedischer-kulturtag.ch\/wp-content\/uploads\/2025\/09\/Bild-4-768x461.jpg 768w, https:\/\/juedischer-kulturtag.ch\/wp-content\/uploads\/2025\/09\/Bild-4.jpg 1280w\" sizes=\"auto, (max-width: 767px) 89vw, (max-width: 1000px) 54vw, (max-width: 1071px) 543px, 580px\" \/><\/figure>\n\n\n\n<figure class=\"wp-block-gallery has-nested-images columns-default is-cropped wp-block-gallery-1 is-layout-flex wp-block-gallery-is-layout-flex\">\n<figure class=\"wp-block-image size-large\"><img loading=\"lazy\" decoding=\"async\" width=\"1024\" height=\"683\" data-id=\"454\" src=\"https:\/\/juedischer-kulturtag.ch\/wp-content\/uploads\/2025\/03\/Aigal_1556_02813-1024x683.jpg\" alt=\"\" class=\"wp-image-454\" srcset=\"https:\/\/juedischer-kulturtag.ch\/wp-content\/uploads\/2025\/03\/Aigal_1556_02813-1024x683.jpg 1024w, https:\/\/juedischer-kulturtag.ch\/wp-content\/uploads\/2025\/03\/Aigal_1556_02813-300x200.jpg 300w, https:\/\/juedischer-kulturtag.ch\/wp-content\/uploads\/2025\/03\/Aigal_1556_02813-768x512.jpg 768w, https:\/\/juedischer-kulturtag.ch\/wp-content\/uploads\/2025\/03\/Aigal_1556_02813-1536x1024.jpg 1536w, https:\/\/juedischer-kulturtag.ch\/wp-content\/uploads\/2025\/03\/Aigal_1556_02813-2048x1365.jpg 2048w\" sizes=\"auto, (max-width: 767px) 89vw, (max-width: 1000px) 54vw, (max-width: 1071px) 543px, 580px\" \/><\/figure>\n\n\n\n<figure class=\"wp-block-image size-large\"><img loading=\"lazy\" decoding=\"async\" width=\"1024\" height=\"768\" data-id=\"455\" src=\"https:\/\/juedischer-kulturtag.ch\/wp-content\/uploads\/2025\/03\/Synagogenkonzert-1024x768.jpg\" alt=\"\" class=\"wp-image-455\" srcset=\"https:\/\/juedischer-kulturtag.ch\/wp-content\/uploads\/2025\/03\/Synagogenkonzert-1024x768.jpg 1024w, https:\/\/juedischer-kulturtag.ch\/wp-content\/uploads\/2025\/03\/Synagogenkonzert-300x225.jpg 300w, https:\/\/juedischer-kulturtag.ch\/wp-content\/uploads\/2025\/03\/Synagogenkonzert-768x576.jpg 768w, https:\/\/juedischer-kulturtag.ch\/wp-content\/uploads\/2025\/03\/Synagogenkonzert-1536x1152.jpg 1536w, https:\/\/juedischer-kulturtag.ch\/wp-content\/uploads\/2025\/03\/Synagogenkonzert.jpg 2016w\" sizes=\"auto, (max-width: 767px) 89vw, (max-width: 1000px) 54vw, (max-width: 1071px) 543px, 580px\" \/><\/figure>\n\n\n\n<figure class=\"wp-block-image size-large\"><img loading=\"lazy\" decoding=\"async\" width=\"1024\" height=\"768\" data-id=\"456\" src=\"https:\/\/juedischer-kulturtag.ch\/wp-content\/uploads\/2025\/03\/public-synagogue-1.9.24-1-1024x768.jpg\" alt=\"\" class=\"wp-image-456\" srcset=\"https:\/\/juedischer-kulturtag.ch\/wp-content\/uploads\/2025\/03\/public-synagogue-1.9.24-1-1024x768.jpg 1024w, https:\/\/juedischer-kulturtag.ch\/wp-content\/uploads\/2025\/03\/public-synagogue-1.9.24-1-300x225.jpg 300w, https:\/\/juedischer-kulturtag.ch\/wp-content\/uploads\/2025\/03\/public-synagogue-1.9.24-1-768x576.jpg 768w, https:\/\/juedischer-kulturtag.ch\/wp-content\/uploads\/2025\/03\/public-synagogue-1.9.24-1-1536x1152.jpg 1536w, https:\/\/juedischer-kulturtag.ch\/wp-content\/uploads\/2025\/03\/public-synagogue-1.9.24-1.jpg 2048w\" sizes=\"auto, (max-width: 767px) 89vw, (max-width: 1000px) 54vw, (max-width: 1071px) 543px, 580px\" \/><\/figure>\n\n\n\n<figure class=\"wp-block-image size-large\"><img loading=\"lazy\" decoding=\"async\" width=\"1024\" height=\"576\" data-id=\"457\" src=\"https:\/\/juedischer-kulturtag.ch\/wp-content\/uploads\/2025\/03\/Phil-Ron-Chor-1024x576.jpg\" alt=\"\" class=\"wp-image-457\" srcset=\"https:\/\/juedischer-kulturtag.ch\/wp-content\/uploads\/2025\/03\/Phil-Ron-Chor-1024x576.jpg 1024w, https:\/\/juedischer-kulturtag.ch\/wp-content\/uploads\/2025\/03\/Phil-Ron-Chor-300x169.jpg 300w, https:\/\/juedischer-kulturtag.ch\/wp-content\/uploads\/2025\/03\/Phil-Ron-Chor-768x432.jpg 768w, https:\/\/juedischer-kulturtag.ch\/wp-content\/uploads\/2025\/03\/Phil-Ron-Chor-1536x864.jpg 1536w, https:\/\/juedischer-kulturtag.ch\/wp-content\/uploads\/2025\/03\/Phil-Ron-Chor-2048x1152.jpg 2048w\" sizes=\"auto, (max-width: 767px) 89vw, (max-width: 1000px) 54vw, (max-width: 1071px) 543px, 580px\" \/><\/figure>\n<\/figure>\n\n\n\n<figure class=\"wp-block-image size-large\"><img loading=\"lazy\" decoding=\"async\" width=\"1024\" height=\"683\" src=\"https:\/\/juedischer-kulturtag.ch\/wp-content\/uploads\/2025\/03\/Aigal_1150_02393-1024x683.jpg\" alt=\"\" class=\"wp-image-453\" srcset=\"https:\/\/juedischer-kulturtag.ch\/wp-content\/uploads\/2025\/03\/Aigal_1150_02393-1024x683.jpg 1024w, https:\/\/juedischer-kulturtag.ch\/wp-content\/uploads\/2025\/03\/Aigal_1150_02393-300x200.jpg 300w, https:\/\/juedischer-kulturtag.ch\/wp-content\/uploads\/2025\/03\/Aigal_1150_02393-768x512.jpg 768w, https:\/\/juedischer-kulturtag.ch\/wp-content\/uploads\/2025\/03\/Aigal_1150_02393-1536x1024.jpg 1536w, https:\/\/juedischer-kulturtag.ch\/wp-content\/uploads\/2025\/03\/Aigal_1150_02393-2048x1365.jpg 2048w\" sizes=\"auto, (max-width: 767px) 89vw, (max-width: 1000px) 54vw, (max-width: 1071px) 543px, 580px\" \/><\/figure>\n\n\n\n<p><\/p>\n\n\n\n<div class=\"wp-block-columns is-layout-flex wp-container-core-columns-is-layout-9d6595d7 wp-block-columns-is-layout-flex\">\n<div class=\"wp-block-column is-layout-flow wp-block-column-is-layout-flow\">\n<figure class=\"wp-block-image size-large\"><img loading=\"lazy\" decoding=\"async\" width=\"1024\" height=\"768\" src=\"https:\/\/juedischer-kulturtag.ch\/wp-content\/uploads\/2023\/04\/IMG_3497-1024x768.jpg\" alt=\"\" class=\"wp-image-100\" srcset=\"https:\/\/juedischer-kulturtag.ch\/wp-content\/uploads\/2023\/04\/IMG_3497-1024x768.jpg 1024w, https:\/\/juedischer-kulturtag.ch\/wp-content\/uploads\/2023\/04\/IMG_3497-300x225.jpg 300w, https:\/\/juedischer-kulturtag.ch\/wp-content\/uploads\/2023\/04\/IMG_3497-768x576.jpg 768w, https:\/\/juedischer-kulturtag.ch\/wp-content\/uploads\/2023\/04\/IMG_3497-1536x1152.jpg 1536w, https:\/\/juedischer-kulturtag.ch\/wp-content\/uploads\/2023\/04\/IMG_3497-2048x1536.jpg 2048w\" sizes=\"auto, (max-width: 767px) 89vw, (max-width: 1000px) 54vw, (max-width: 1071px) 543px, 580px\" \/><figcaption class=\"wp-element-caption\"> Synagoge in Hegenheim<\/figcaption><\/figure>\n<\/div>\n\n\n\n<div class=\"wp-block-column is-layout-flow wp-block-column-is-layout-flow\">\n<figure class=\"wp-block-image size-large\"><img loading=\"lazy\" decoding=\"async\" width=\"1024\" height=\"768\" src=\"https:\/\/juedischer-kulturtag.ch\/wp-content\/uploads\/2023\/04\/IMG_3489-1024x768.jpg\" alt=\"\" class=\"wp-image-98\" srcset=\"https:\/\/juedischer-kulturtag.ch\/wp-content\/uploads\/2023\/04\/IMG_3489-1024x768.jpg 1024w, https:\/\/juedischer-kulturtag.ch\/wp-content\/uploads\/2023\/04\/IMG_3489-300x225.jpg 300w, https:\/\/juedischer-kulturtag.ch\/wp-content\/uploads\/2023\/04\/IMG_3489-768x576.jpg 768w, https:\/\/juedischer-kulturtag.ch\/wp-content\/uploads\/2023\/04\/IMG_3489-1536x1152.jpg 1536w, https:\/\/juedischer-kulturtag.ch\/wp-content\/uploads\/2023\/04\/IMG_3489-2048x1536.jpg 2048w\" sizes=\"auto, (max-width: 767px) 89vw, (max-width: 1000px) 54vw, (max-width: 1071px) 543px, 580px\" \/><figcaption class=\"wp-element-caption\">F\u00fchrung von Allschwil zur Synagoge in Hegenheim<\/figcaption><\/figure>\n<\/div>\n<\/div>\n\n\n\n<figure class=\"wp-block-image size-large\"><img loading=\"lazy\" decoding=\"async\" width=\"1024\" height=\"683\" src=\"https:\/\/juedischer-kulturtag.ch\/wp-content\/uploads\/2023\/08\/A82A4154-5-1024x683.jpg\" alt=\"\" class=\"wp-image-285\" srcset=\"https:\/\/juedischer-kulturtag.ch\/wp-content\/uploads\/2023\/08\/A82A4154-5-1024x683.jpg 1024w, https:\/\/juedischer-kulturtag.ch\/wp-content\/uploads\/2023\/08\/A82A4154-5-300x200.jpg 300w, https:\/\/juedischer-kulturtag.ch\/wp-content\/uploads\/2023\/08\/A82A4154-5-768x512.jpg 768w, https:\/\/juedischer-kulturtag.ch\/wp-content\/uploads\/2023\/08\/A82A4154-5-1536x1024.jpg 1536w, https:\/\/juedischer-kulturtag.ch\/wp-content\/uploads\/2023\/08\/A82A4154-5-2048x1365.jpg 2048w\" sizes=\"auto, (max-width: 767px) 89vw, (max-width: 1000px) 54vw, (max-width: 1071px) 543px, 580px\" \/><\/figure>\n\n\n\n<div class=\"wp-block-columns is-layout-flex wp-container-core-columns-is-layout-9d6595d7 wp-block-columns-is-layout-flex\">\n<div class=\"wp-block-column is-layout-flow wp-block-column-is-layout-flow\">\n<figure class=\"wp-block-image size-large\"><img loading=\"lazy\" decoding=\"async\" width=\"1024\" height=\"683\" src=\"https:\/\/juedischer-kulturtag.ch\/wp-content\/uploads\/2023\/04\/DSCF3933-3-1024x683.jpg\" alt=\"\" class=\"wp-image-95\" srcset=\"https:\/\/juedischer-kulturtag.ch\/wp-content\/uploads\/2023\/04\/DSCF3933-3-1024x683.jpg 1024w, https:\/\/juedischer-kulturtag.ch\/wp-content\/uploads\/2023\/04\/DSCF3933-3-300x200.jpg 300w, https:\/\/juedischer-kulturtag.ch\/wp-content\/uploads\/2023\/04\/DSCF3933-3-768x512.jpg 768w, https:\/\/juedischer-kulturtag.ch\/wp-content\/uploads\/2023\/04\/DSCF3933-3-1536x1024.jpg 1536w, https:\/\/juedischer-kulturtag.ch\/wp-content\/uploads\/2023\/04\/DSCF3933-3-2048x1365.jpg 2048w\" sizes=\"auto, (max-width: 767px) 89vw, (max-width: 1000px) 54vw, (max-width: 1071px) 543px, 580px\" \/><figcaption class=\"wp-element-caption\">Show Cooking mit Elli <\/figcaption><\/figure>\n\n\n\n<div class=\"wp-block-columns is-layout-flex wp-container-core-columns-is-layout-9d6595d7 wp-block-columns-is-layout-flex\">\n<div class=\"wp-block-column is-layout-flow wp-block-column-is-layout-flow\">\n<figure class=\"wp-block-image size-large\"><img loading=\"lazy\" decoding=\"async\" width=\"1024\" height=\"680\" src=\"https:\/\/juedischer-kulturtag.ch\/wp-content\/uploads\/2023\/08\/DSC_0306-1024x680.jpg\" alt=\"\" class=\"wp-image-293\" srcset=\"https:\/\/juedischer-kulturtag.ch\/wp-content\/uploads\/2023\/08\/DSC_0306-1024x680.jpg 1024w, https:\/\/juedischer-kulturtag.ch\/wp-content\/uploads\/2023\/08\/DSC_0306-300x199.jpg 300w, https:\/\/juedischer-kulturtag.ch\/wp-content\/uploads\/2023\/08\/DSC_0306-768x510.jpg 768w, https:\/\/juedischer-kulturtag.ch\/wp-content\/uploads\/2023\/08\/DSC_0306-1536x1020.jpg 1536w, https:\/\/juedischer-kulturtag.ch\/wp-content\/uploads\/2023\/08\/DSC_0306-2048x1360.jpg 2048w\" sizes=\"auto, (max-width: 767px) 89vw, (max-width: 1000px) 54vw, (max-width: 1071px) 543px, 580px\" \/><\/figure>\n<\/div>\n<\/div>\n<\/div>\n<\/div>\n\n\n\n<div class=\"wp-block-columns is-layout-flex wp-container-core-columns-is-layout-9d6595d7 wp-block-columns-is-layout-flex\">\n<div class=\"wp-block-column is-layout-flow wp-block-column-is-layout-flow\">\n<figure class=\"wp-block-image size-large\"><img loading=\"lazy\" decoding=\"async\" width=\"1024\" height=\"683\" src=\"https:\/\/juedischer-kulturtag.ch\/wp-content\/uploads\/2023\/08\/Buchstaeblich-Juedisch_Louise_ETJK-1024x683.jpg\" alt=\"\" class=\"wp-image-295\" srcset=\"https:\/\/juedischer-kulturtag.ch\/wp-content\/uploads\/2023\/08\/Buchstaeblich-Juedisch_Louise_ETJK-1024x683.jpg 1024w, https:\/\/juedischer-kulturtag.ch\/wp-content\/uploads\/2023\/08\/Buchstaeblich-Juedisch_Louise_ETJK-300x200.jpg 300w, https:\/\/juedischer-kulturtag.ch\/wp-content\/uploads\/2023\/08\/Buchstaeblich-Juedisch_Louise_ETJK-768x512.jpg 768w, https:\/\/juedischer-kulturtag.ch\/wp-content\/uploads\/2023\/08\/Buchstaeblich-Juedisch_Louise_ETJK-1536x1024.jpg 1536w, https:\/\/juedischer-kulturtag.ch\/wp-content\/uploads\/2023\/08\/Buchstaeblich-Juedisch_Louise_ETJK-2048x1365.jpg 2048w\" sizes=\"auto, (max-width: 767px) 89vw, (max-width: 1000px) 54vw, (max-width: 1071px) 543px, 580px\" \/><figcaption class=\"wp-element-caption\">F\u00fchrung durch die Ausstellung Buchst\u00e4blich J\u00fcdisch<\/figcaption><\/figure>\n<\/div>\n\n\n\n<div class=\"wp-block-column is-layout-flow wp-block-column-is-layout-flow\">\n<figure class=\"wp-block-image size-large\"><img loading=\"lazy\" decoding=\"async\" width=\"1024\" height=\"682\" src=\"https:\/\/juedischer-kulturtag.ch\/wp-content\/uploads\/2023\/09\/ETJK23-bern.Stolper1.Merlin1-1024x682.jpeg\" alt=\"\" class=\"wp-image-343\" srcset=\"https:\/\/juedischer-kulturtag.ch\/wp-content\/uploads\/2023\/09\/ETJK23-bern.Stolper1.Merlin1-1024x682.jpeg 1024w, https:\/\/juedischer-kulturtag.ch\/wp-content\/uploads\/2023\/09\/ETJK23-bern.Stolper1.Merlin1-300x200.jpeg 300w, https:\/\/juedischer-kulturtag.ch\/wp-content\/uploads\/2023\/09\/ETJK23-bern.Stolper1.Merlin1-768x512.jpeg 768w, https:\/\/juedischer-kulturtag.ch\/wp-content\/uploads\/2023\/09\/ETJK23-bern.Stolper1.Merlin1.jpeg 1280w\" sizes=\"auto, (max-width: 767px) 89vw, (max-width: 1000px) 54vw, (max-width: 1071px) 543px, 580px\" \/><\/figure>\n<\/div>\n<\/div>\n\n\n\n<figure class=\"wp-block-image size-large\"><img loading=\"lazy\" decoding=\"async\" width=\"1024\" height=\"576\" src=\"https:\/\/juedischer-kulturtag.ch\/wp-content\/uploads\/2023\/09\/Foto-ETJK-2023-Uebersicht-1024x576.jpg\" alt=\"\" class=\"wp-image-344\" srcset=\"https:\/\/juedischer-kulturtag.ch\/wp-content\/uploads\/2023\/09\/Foto-ETJK-2023-Uebersicht-1024x576.jpg 1024w, https:\/\/juedischer-kulturtag.ch\/wp-content\/uploads\/2023\/09\/Foto-ETJK-2023-Uebersicht-300x169.jpg 300w, https:\/\/juedischer-kulturtag.ch\/wp-content\/uploads\/2023\/09\/Foto-ETJK-2023-Uebersicht-768x432.jpg 768w, https:\/\/juedischer-kulturtag.ch\/wp-content\/uploads\/2023\/09\/Foto-ETJK-2023-Uebersicht-1536x864.jpg 1536w, https:\/\/juedischer-kulturtag.ch\/wp-content\/uploads\/2023\/09\/Foto-ETJK-2023-Uebersicht-2048x1152.jpg 2048w\" sizes=\"auto, (max-width: 767px) 89vw, (max-width: 1000px) 54vw, (max-width: 1071px) 543px, 580px\" \/><\/figure>\n\n\n\n<figure class=\"wp-block-image size-large\"><img loading=\"lazy\" decoding=\"async\" width=\"1024\" height=\"576\" src=\"https:\/\/juedischer-kulturtag.ch\/wp-content\/uploads\/2023\/09\/20230903_171700-1024x576.jpg\" alt=\"\" class=\"wp-image-345\" srcset=\"https:\/\/juedischer-kulturtag.ch\/wp-content\/uploads\/2023\/09\/20230903_171700-1024x576.jpg 1024w, https:\/\/juedischer-kulturtag.ch\/wp-content\/uploads\/2023\/09\/20230903_171700-300x169.jpg 300w, https:\/\/juedischer-kulturtag.ch\/wp-content\/uploads\/2023\/09\/20230903_171700-768x432.jpg 768w, https:\/\/juedischer-kulturtag.ch\/wp-content\/uploads\/2023\/09\/20230903_171700-1536x864.jpg 1536w, https:\/\/juedischer-kulturtag.ch\/wp-content\/uploads\/2023\/09\/20230903_171700-2048x1152.jpg 2048w\" sizes=\"auto, (max-width: 767px) 89vw, (max-width: 1000px) 54vw, (max-width: 1071px) 543px, 580px\" \/><\/figure>\n\n\n\n<p><\/p>\n","protected":false},"excerpt":{"rendered":"","protected":false},"author":2,"featured_media":283,"parent":0,"menu_order":0,"comment_status":"closed","ping_status":"closed","template":"","meta":{"om_disable_all_campaigns":false,"_monsterinsights_skip_tracking":false,"_monsterinsights_sitenote_active":false,"_monsterinsights_sitenote_note":"","_monsterinsights_sitenote_category":0,"_uf_show_specific_survey":0,"_uf_disable_surveys":false,"footnotes":""},"class_list":["post-87","page","type-page","status-publish","has-post-thumbnail","hentry"],"aioseo_notices":[],"_links":{"self":[{"href":"https:\/\/juedischer-kulturtag.ch\/index.php?rest_route=\/wp\/v2\/pages\/87","targetHints":{"allow":["GET"]}}],"collection":[{"href":"https:\/\/juedischer-kulturtag.ch\/index.php?rest_route=\/wp\/v2\/pages"}],"about":[{"href":"https:\/\/juedischer-kulturtag.ch\/index.php?rest_route=\/wp\/v2\/types\/page"}],"author":[{"embeddable":true,"href":"https:\/\/juedischer-kulturtag.ch\/index.php?rest_route=\/wp\/v2\/users\/2"}],"replies":[{"embeddable":true,"href":"https:\/\/juedischer-kulturtag.ch\/index.php?rest_route=%2Fwp%2Fv2%2Fcomments&post=87"}],"version-history":[{"count":23,"href":"https:\/\/juedischer-kulturtag.ch\/index.php?rest_route=\/wp\/v2\/pages\/87\/revisions"}],"predecessor-version":[{"id":526,"href":"https:\/\/juedischer-kulturtag.ch\/index.php?rest_route=\/wp\/v2\/pages\/87\/revisions\/526"}],"wp:featuredmedia":[{"embeddable":true,"href":"https:\/\/juedischer-kulturtag.ch\/index.php?rest_route=\/wp\/v2\/media\/283"}],"wp:attachment":[{"href":"https:\/\/juedischer-kulturtag.ch\/index.php?rest_route=%2Fwp%2Fv2%2Fmedia&parent=87"}],"curies":[{"name":"wp","href":"https:\/\/api.w.org\/{rel}","templated":true}]}}